{"id":607,"date":"2021-05-25T15:10:16","date_gmt":"2021-05-25T15:10:16","guid":{"rendered":"https:\/\/ruegheim.de\/index.php\/region-2\/"},"modified":"2021-05-26T15:27:34","modified_gmt":"2021-05-26T15:27:34","slug":"region-2","status":"publish","type":"page","link":"https:\/\/ruegheim.de\/index.php\/region-2\/","title":{"rendered":"Region"},"content":{"rendered":"\n    \n    <section class=\"u-clearfix u-valign-middle u-section-2\" id=\"sec-d7e6\">\n      <div class=\"u-clearfix u-expanded-width u-layout-wrap u-layout-wrap-1\">\n        <div class=\"u-layout\">\n          <div class=\"u-layout-row\">\n            <div class=\"u-align-left u-container-style u-layout-cell u-right-cell u-size-30 u-layout-cell-1\">\n              <div class=\"u-container-layout u-container-layout-1\">\n                <h1 class=\"u-text u-text-1\">Die Region<\/h1>\n                <p class=\"u-text u-text-2\">R\u00fcgheim liegt zu F\u00fc\u00dfen der Ha\u00dfberge, zwischen Steigerwald und Rh\u00f6n, an der Grenze zu Th\u00fcringen, in einem der sch\u00f6nsten fr\u00e4nkischen Erholungsgebiete \u2013 mitten im Herzen Deutschlands.<\/p>\n                <img src=\"https:\/\/ruegheim.de\/wp-content\/uploads\/2021\/05\/Rugheim_winter2015_21-1.jpg\" alt=\"\" class=\"u-expanded-width u-image u-image-default u-image-1\" data-image-width=\"960\" data-image-height=\"212\">\n              <\/div>\n            <\/div>\n            <div class=\"u-align-center u-container-style u-custom-color-1 u-layout-cell u-left-cell u-size-30 u-layout-cell-2\">\n              <div class=\"u-container-layout u-valign-middle u-container-layout-2\">\n                <img src=\"https:\/\/ruegheim.de\/wp-content\/uploads\/2021\/05\/2017-TagDerOffenenGartentur_0883-1.jpg\" alt=\"\" class=\"u-image u-image-default u-image-2\" data-image-width=\"1000\" data-image-height=\"667\">\n              <\/div>\n            <\/div>\n          <\/div>\n        <\/div>\n      <\/div>\n    <\/section>\n    <section class=\"u-align-left u-clearfix u-section-3\" id=\"carousel_a15c\">\n      <div class=\"u-clearfix u-sheet u-valign-middle-xs u-sheet-1\">\n        <p class=\"u-text u-text-1\">Die 800 Seelen Gemeinde R\u00fcgheim liegt gut erreichbar an der B303 zwischen Schweinfurt und Coburg.&nbsp;<br>\n          <br>Von der A70 aus Richtung N\u00fcrnberg\/Bamberg &gt; Ausfahrt Knetzgau &gt; weiter Richtung Hassfurt &gt; vor der ersten Ampel rechts Richtung Hofheim\/ R\u00fcgheim ca. 11 km Landstrasse.&nbsp;<br>\n          <br>Von der A70 aus Richtung W\u00fcrzburg\/Schweinfurt &gt; nach Schweinfurt Ausfahrt Coburg\/Hofheim auf die B303 dann ca. 30 km Richtung Coburg bis zur Ausfahrt Hofheim. An der Ausfahrt links Richtung R\u00fcgheim. \n        <\/p>\n        <div class=\"u-custom-color-4 u-preserve-proportions u-shape u-shape-circle u-shape-1\"><\/div>\n        <div class=\"u-shape u-shape-svg u-text-custom-color-1 u-shape-2\">\n          <svg class=\"u-svg-link\" preserveAspectRatio=\"none\" viewBox=\"0 0 160 160\" style=\"\"><use xmlns:xlink=\"http:\/\/www.w3.org\/1999\/xlink\" xlink:href=\"#svg-30e5\"><\/use><\/svg>\n          <svg class=\"u-svg-content\" viewBox=\"0 0 160 160\" x=\"0px\" y=\"0px\" id=\"svg-30e5\" style=\"enable-background:new 0 0 160 160;\"><path d=\"M80,30c27.6,0,50,22.4,50,50s-22.4,50-50,50s-50-22.4-50-50S52.4,30,80,30 M80,0C35.8,0,0,35.8,0,80s35.8,80,80,80\n\ts80-35.8,80-80S124.2,0,80,0L80,0z\"><\/path><\/svg>\n        <\/div>\n        <div class=\"u-align-left u-image u-image-circle u-image-1\" data-image-width=\"700\" data-image-height=\"564\"><\/div>\n        <div class=\"u-custom-color-2 u-shape u-shape-circle u-shape-3\"><\/div>\n        <div class=\"u-align-left u-image u-image-circle u-image-2\" data-image-width=\"1333\" data-image-height=\"2000\"><\/div>\n        <h3 class=\"u-custom-font u-font-merriweather u-text u-text-2\">Geografische Lage<\/h3>\n      <\/div>\n    <\/section>\n    <section class=\"u-align-left u-clearfix u-custom-color-2 u-valign-middle-sm u-valign-middle-xs u-section-4\" id=\"carousel_9ddf\">\n      <div class=\"u-clearfix u-layout-wrap u-layout-wrap-1\">\n        <div class=\"u-gutter-0 u-layout\">\n          <div class=\"u-layout-row\">\n            <div class=\"u-align-left u-container-style u-image u-layout-cell u-right-cell u-size-31-lg u-size-31-md u-size-31-sm u-size-31-xs u-size-32-xl u-image-1\" data-image-width=\"960\" data-image-height=\"640\">\n              <div class=\"u-container-layout u-valign-bottom u-container-layout-1\"><\/div>\n            <\/div>\n            <div class=\"u-align-left u-container-style u-layout-cell u-left-cell u-size-28-xl u-size-29-lg u-size-29-md u-size-29-sm u-size-29-xs u-white u-layout-cell-2\">\n              <div class=\"u-container-layout u-container-layout-2\">\n                <h3 class=\"u-text u-text-1\">Weitere Informationen<\/h3>\n                <p class=\"u-large-text u-text u-text-variant u-text-2\">F\u00fcr n\u00e4here Informationen rund um die Region und ihre Besonderheiten klicken Sie auf folgende Links:<\/p>\n                <ul class=\"u-text u-text-3\">\n                  <li>\n                    <a class=\"clearfix grpelem nonblock nontext u-active-none u-border-none u-btn u-button-style u-hover-none u-none u-text-custom-color-2 u-btn-1\" id=\"u5654-4\" href=\"https:\/\/www.hassberge-tourismus.de\" target=\"_blank\">Touristeninformation Ha\u00dfberge<\/a>\n                  <\/li>\n                  <li>\n                    <a href=\"http:\/\/www.ruegheim-evangelisch.de\" class=\"u-active-none u-border-none u-btn u-button-link u-button-style u-hover-none u-none u-text-custom-color-2 u-btn-2\" target=\"_blank\">Kirchengemeinde R\u00fcgheim\/Kleinm\u00fcnster<\/a>\n                  <\/li>\n                  <li>\n                    <a href=\"http:\/\/www.dekanat-ruegheim.de\" class=\"u-active-none u-border-none u-btn u-button-link u-button-style u-hover-none u-none u-text-custom-color-2 u-btn-3\">Dekanat R\u00fcgheim<\/a>\n                  <\/li>\n                  <li>\n                    <a href=\"https:\/\/www.stadt-hofheim.de\" class=\"u-active-none u-border-none u-btn u-button-link u-button-style u-hover-none u-none u-text-custom-color-2 u-btn-4\" target=\"_blank\">Stadt Hofheim<\/a>\n                  <\/li>\n                <\/ul>\n              <\/div>\n            <\/div>\n          <\/div>\n        <\/div>\n      <\/div>\n    <\/section>\n    \n    \n  \n","protected":false},"excerpt":{"rendered":"<p>Die Region R\u00fcgheim liegt zu F\u00fc\u00dfen der Ha\u00dfberge, zwischen Steigerwald und Rh\u00f6n, an der Grenze zu Th\u00fcringen, in einem der sch\u00f6nsten fr\u00e4nkischen Erholungsgebiete \u2013 mitten im Herzen Deutschlands. Die 800 Seelen Gemeinde R\u00fcgheim liegt gut erreichbar an der B303 zwischen Schweinfurt und Coburg.&nbsp; Von der A70 aus Richtung N\u00fcrnberg\/Bamberg &gt; Ausfahrt Knetzgau &gt; weiter Richtung &hellip; <a href=\"https:\/\/ruegheim.de\/index.php\/region-2\/\" class=\"more-link\">Continue reading<span class=\"screen-reader-text\"> &#8222;Region&#8220;<\/span><\/a><\/p>\n","protected":false},"author":1,"featured_media":0,"parent":0,"menu_order":4,"comment_status":"closed","ping_status":"closed","template":"","meta":[],"_links":{"self":[{"href":"https:\/\/ruegheim.de\/index.php\/wp-json\/wp\/v2\/pages\/607"}],"collection":[{"href":"https:\/\/ruegheim.de\/index.php\/wp-json\/wp\/v2\/pages"}],"about":[{"href":"https:\/\/ruegheim.de\/index.php\/wp-json\/wp\/v2\/types\/page"}],"author":[{"embeddable":true,"href":"https:\/\/ruegheim.de\/index.php\/wp-json\/wp\/v2\/users\/1"}],"replies":[{"embeddable":true,"href":"https:\/\/ruegheim.de\/index.php\/wp-json\/wp\/v2\/comments?post=607"}],"version-history":[{"count":1,"href":"https:\/\/ruegheim.de\/index.php\/wp-json\/wp\/v2\/pages\/607\/revisions"}],"predecessor-version":[{"id":623,"href":"https:\/\/ruegheim.de\/index.php\/wp-json\/wp\/v2\/pages\/607\/revisions\/623"}],"wp:attachment":[{"href":"https:\/\/ruegheim.de\/index.php\/wp-json\/wp\/v2\/media?parent=607"}],"curies":[{"name":"wp","href":"https:\/\/api.w.org\/{rel}","templated":true}]}}